{"id":206,"date":"2020-05-02T20:26:37","date_gmt":"2020-05-02T20:26:37","guid":{"rendered":"http:\/\/schwarzseehuette.at\/?page_id=206"},"modified":"2020-06-02T15:53:39","modified_gmt":"2020-06-02T15:53:39","slug":"wanderrouten","status":"publish","type":"page","link":"http:\/\/schwarzseehuette.at\/?page_id=206","title":{"rendered":"Wandertouren"},"content":{"rendered":"\n<div class=\"wp-block-group\"><div class=\"wp-block-group__inner-container is-layout-flow wp-block-group-is-layout-flow\">\n<h1 class=\"has-text-color wp-block-heading\" style=\"color:#428427\">Viele Wege f\u00fchren zur Schwarzseeh\u00fctte<\/h1>\n<\/div><\/div>\n\n\n\n<h2 class=\"wp-block-heading\">Wandern am Verditz &#8211; Schwarzsee Rundwanderweg<\/h2>\n\n\n\n<div class=\"wp-block-media-text alignwide is-stacked-on-mobile is-image-fill\"><figure class=\"wp-block-media-text__media\" style=\"background-image:url(http:\/\/schwarzseehuette.at\/wp-content\/uploads\/2020\/05\/afritzersee_im_r\u00fccken_1321008147_afritz25_600.jpg);background-position:55.00000000000001% 88%\"><img loading=\"lazy\" decoding=\"async\" width=\"400\" height=\"600\" src=\"http:\/\/schwarzseehuette.at\/wp-content\/uploads\/2020\/05\/afritzersee_im_r\u00fccken_1321008147_afritz25_600.jpg\" alt=\"\" class=\"wp-image-91\" srcset=\"http:\/\/schwarzseehuette.at\/wp-content\/uploads\/2020\/05\/afritzersee_im_r\u00fccken_1321008147_afritz25_600.jpg 400w, http:\/\/schwarzseehuette.at\/wp-content\/uploads\/2020\/05\/afritzersee_im_r\u00fccken_1321008147_afritz25_600-200x300.jpg 200w\" sizes=\"auto, (max-width: 400px) 100vw, 400px\" \/><\/figure><div class=\"wp-block-media-text__content\">\n<p class=\"has-normal-font-size\">Mittelschwere Wanderung hinauf zum Schwarzsee. <\/p>\n\n\n\n<p class=\"has-normal-font-size\">Diese Wanderung f\u00fchrt zum idyllisch gelegen Schwarzsee und auf einem anderen Weg wieder zur\u00fcck zum Ausgangspunkt.<\/p>\n\n\n\n<p>Schwierigkeit: mittel<br>Strecke: 7,7 km<br>Dauer: 2:45 h<br>H\u00f6henmeter: 606 hm<\/p>\n\n\n\n<p><a href=\"https:\/\/touren.kaernten.at\/de\/tour\/wanderung\/wandern-am-verditz-schwarzsee-rundwanderweg\/6098684\/\" target=\"_blank\" rel=\"noreferrer noopener\">Weitere Infos&#8230;<\/a><\/p>\n<\/div><\/div>\n\n\n\n<h2 class=\"wp-block-heading\">Wanderung am Verditz: Panoramawanderweg Schwarzsee &#8211; Palnock<\/h2>\n\n\n\n<div class=\"wp-block-media-text alignwide is-stacked-on-mobile is-image-fill\"><figure class=\"wp-block-media-text__media\" style=\"background-image:url(http:\/\/schwarzseehuette.at\/wp-content\/uploads\/2020\/05\/schwarzsee_idyllisch_1314618844_043_800.jpg);background-position:49% 45%\"><img loading=\"lazy\" decoding=\"async\" width=\"800\" height=\"533\" src=\"http:\/\/schwarzseehuette.at\/wp-content\/uploads\/2020\/05\/schwarzsee_idyllisch_1314618844_043_800.jpg\" alt=\"\" class=\"wp-image-32\" srcset=\"http:\/\/schwarzseehuette.at\/wp-content\/uploads\/2020\/05\/schwarzsee_idyllisch_1314618844_043_800.jpg 800w, http:\/\/schwarzseehuette.at\/wp-content\/uploads\/2020\/05\/schwarzsee_idyllisch_1314618844_043_800-300x200.jpg 300w, http:\/\/schwarzseehuette.at\/wp-content\/uploads\/2020\/05\/schwarzsee_idyllisch_1314618844_043_800-768x512.jpg 768w\" sizes=\"auto, (max-width: 800px) 100vw, 800px\" \/><\/figure><div class=\"wp-block-media-text__content\">\n<p class=\"has-normal-font-size\">Verditz-Schwarzsee, das klimatisch bevorzugte Bergerholungsgebiet in idealer H\u00f6henlage (600 &#8211; 1900 m Seeh\u00f6he) in den K\u00e4rntner Nockbergen l\u00e4dt mit seinen vielf\u00e4ltigen Sport- und Wanderangeboten zum Entspannen und Loslassen ein.<\/p>\n\n\n\n<p class=\"has-normal-font-size\">Diese Rundtour f\u00fchrt \u00fcber den Schwarzsee bis zum Palnock und wieder zur\u00fcck zum Ausgangspunkt.<\/p>\n\n\n\n<p>Schwierigkeit: mittel<br>Strecke: 11,8 km<br>Dauer: 5:15 h<br>H\u00f6henmeter: 696 hm<\/p>\n\n\n\n<p><a href=\"https:\/\/touren.kaernten.at\/de\/tour\/bergtour\/wanderung-am-verditz-panoramawanderweg-schwarzsee-palnock\/6099996\/\" target=\"_blank\" rel=\"noreferrer noopener\">Weitere Infos&#8230;<\/a><\/p>\n<\/div><\/div>\n\n\n\n<h2 class=\"wp-block-heading\">Rundwanderung Amberg-Schwarzsee<\/h2>\n\n\n\n<div class=\"wp-block-media-text alignwide is-stacked-on-mobile is-image-fill\"><figure class=\"wp-block-media-text__media\" style=\"background-image:url(http:\/\/schwarzseehuette.at\/wp-content\/uploads\/2020\/05\/gestaerkt_weiter_1314618948_059_600.jpg);background-position:41% 35%\"><img loading=\"lazy\" decoding=\"async\" width=\"400\" height=\"600\" src=\"http:\/\/schwarzseehuette.at\/wp-content\/uploads\/2020\/05\/gestaerkt_weiter_1314618948_059_600.jpg\" alt=\"\" class=\"wp-image-102\" srcset=\"http:\/\/schwarzseehuette.at\/wp-content\/uploads\/2020\/05\/gestaerkt_weiter_1314618948_059_600.jpg 400w, http:\/\/schwarzseehuette.at\/wp-content\/uploads\/2020\/05\/gestaerkt_weiter_1314618948_059_600-200x300.jpg 200w\" sizes=\"auto, (max-width: 400px) 100vw, 400px\" \/><\/figure><div class=\"wp-block-media-text__content\">\n<p class=\"has-normal-font-size\">Herrliche Aussicht vom Palnock \u00fcber die gesamte Region Millst\u00e4tter See. Der gesamte s\u00fcdliche Alpenhauptkamm: Mittagskogel, Karawanken, Julische Alpen, Dobratsch, Karnische Alpen und von den Hohen Tauern bis zum Gro\u00dfglockner und den Rosennock.<\/p>\n\n\n\n<p>Schwierigkeit: mittel<br>Strecke: 8,4 km<br>Dauer: 3:30 h<br>H\u00f6henmeter: 697 hm<\/p>\n\n\n\n<p><a href=\"https:\/\/touren.kaernten.at\/de\/tour\/wanderung\/rundwanderung-amberg-schwarzsee\/1551065\/\" target=\"_blank\" rel=\"noreferrer noopener\">Weitere Infos&#8230;<\/a><\/p>\n<\/div><\/div>\n\n\n\n<h2 class=\"wp-block-heading\">Wandern am Verditz &#8211; Von der Amberger Alm zum Weltenberg Mirnock<\/h2>\n\n\n\n<div class=\"wp-block-media-text alignwide is-stacked-on-mobile is-image-fill\"><figure class=\"wp-block-media-text__media\" style=\"background-image:url(http:\/\/schwarzseehuette.at\/wp-content\/uploads\/2020\/05\/wandern_1314618826_039_800.jpg);background-position:20% 30%\"><img loading=\"lazy\" decoding=\"async\" width=\"800\" height=\"533\" src=\"http:\/\/schwarzseehuette.at\/wp-content\/uploads\/2020\/05\/wandern_1314618826_039_800.jpg\" alt=\"\" class=\"wp-image-142\" srcset=\"http:\/\/schwarzseehuette.at\/wp-content\/uploads\/2020\/05\/wandern_1314618826_039_800.jpg 800w, http:\/\/schwarzseehuette.at\/wp-content\/uploads\/2020\/05\/wandern_1314618826_039_800-300x200.jpg 300w, http:\/\/schwarzseehuette.at\/wp-content\/uploads\/2020\/05\/wandern_1314618826_039_800-768x512.jpg 768w\" sizes=\"auto, (max-width: 800px) 100vw, 800px\" \/><\/figure><div class=\"wp-block-media-text__content\">\n<p class=\"has-normal-font-size\">Diese panoramareiche Nockwanderung als Streckentour f\u00fchrt vom L\u00e4rchenboden zur Schwarzseeh\u00fctte nahe der Amberger Alpe und \u00fcber den Palnock, Lahnernock und Rindernock zum Weltenberg Mirnock.<\/p>\n\n\n\n<p class=\"has-normal-font-size\">Auf dem breiten Grat l\u00e4\u00dft man sich \u00fcber die sanfte Almen von Nock zu Nock treiben und kommt angesichts des atemberaubenden Panoramas aus dem Staunen nicht heraus.<\/p>\n\n\n\n<p>Schwierigkeit: mittel<br>Strecke: 12,6 km<br>Dauer: 6:30 h<br>H\u00f6henmeter: 1014 hm<\/p>\n\n\n\n<p><a href=\"https:\/\/touren.kaernten.at\/de\/tour\/wanderung\/wandern-am-verditz-von-der-amberger-alm-zum-weltenberg-mirnock\/19766019\/\" target=\"_blank\" rel=\"noreferrer noopener\">Weitere Infos&#8230;<\/a><\/p>\n<\/div><\/div>\n\n\n\n<h2 class=\"wp-block-heading\">Wandertouren in K\u00e4rnten<\/h2>\n\n\n\n<p class=\"has-normal-font-size\"><a rel=\"noreferrer noopener\" href=\"https:\/\/touren.kaernten.at\/de\/touren\/#zc=12,13.76553,46.61891\" target=\"_blank\">Hier<\/a> gibt es die besten Touren aus ganz K\u00e4rnten.<\/p>\n\n\n\n<figure class=\"wp-block-gallery columns-3 is-cropped wp-block-gallery-1 is-layout-flex wp-block-gallery-is-layout-flex\"><ul class=\"blocks-gallery-grid\"><li class=\"blocks-gallery-item\"><figure><img loading=\"lazy\" decoding=\"async\" width=\"1024\" height=\"768\" src=\"http:\/\/schwarzseehuette.at\/wp-content\/uploads\/2020\/05\/IMG-20191101-WA0043.jpg\" alt=\"\" data-id=\"177\" data-full-url=\"http:\/\/schwarzseehuette.at\/wp-content\/uploads\/2020\/05\/IMG-20191101-WA0043.jpg\" data-link=\"http:\/\/schwarzseehuette.at\/?attachment_id=177\" class=\"wp-image-177\" srcset=\"http:\/\/schwarzseehuette.at\/wp-content\/uploads\/2020\/05\/IMG-20191101-WA0043.jpg 1024w, http:\/\/schwarzseehuette.at\/wp-content\/uploads\/2020\/05\/IMG-20191101-WA0043-300x225.jpg 300w, http:\/\/schwarzseehuette.at\/wp-content\/uploads\/2020\/05\/IMG-20191101-WA0043-768x576.jpg 768w, http:\/\/schwarzseehuette.at\/wp-content\/uploads\/2020\/05\/IMG-20191101-WA0043-800x600.jpg 800w, http:\/\/schwarzseehuette.at\/wp-content\/uploads\/2020\/05\/IMG-20191101-WA0043-400x300.jpg 400w\" sizes=\"auto, (max-width: 1024px) 100vw, 1024px\" \/><figcaption class=\"blocks-gallery-item__caption\">\u00dcber den Wolken<\/figcaption><\/figure><\/li><li class=\"blocks-gallery-item\"><figure><img loading=\"lazy\" decoding=\"async\" width=\"450\" height=\"600\" src=\"http:\/\/schwarzseehuette.at\/wp-content\/uploads\/2020\/05\/wanderpause.jpg\" alt=\"\" data-id=\"145\" data-full-url=\"http:\/\/schwarzseehuette.at\/wp-content\/uploads\/2020\/05\/wanderpause.jpg\" data-link=\"http:\/\/schwarzseehuette.at\/?attachment_id=145\" class=\"wp-image-145\" srcset=\"http:\/\/schwarzseehuette.at\/wp-content\/uploads\/2020\/05\/wanderpause.jpg 450w, http:\/\/schwarzseehuette.at\/wp-content\/uploads\/2020\/05\/wanderpause-225x300.jpg 225w\" sizes=\"auto, (max-width: 450px) 100vw, 450px\" \/><\/figure><\/li><li class=\"blocks-gallery-item\"><figure><img loading=\"lazy\" decoding=\"async\" width=\"1024\" height=\"768\" src=\"http:\/\/schwarzseehuette.at\/wp-content\/uploads\/2020\/05\/IMG-20191101-WA0042.jpg\" alt=\"\" data-id=\"176\" data-full-url=\"http:\/\/schwarzseehuette.at\/wp-content\/uploads\/2020\/05\/IMG-20191101-WA0042.jpg\" data-link=\"http:\/\/schwarzseehuette.at\/?attachment_id=176\" class=\"wp-image-176\" srcset=\"http:\/\/schwarzseehuette.at\/wp-content\/uploads\/2020\/05\/IMG-20191101-WA0042.jpg 1024w, http:\/\/schwarzseehuette.at\/wp-content\/uploads\/2020\/05\/IMG-20191101-WA0042-300x225.jpg 300w, http:\/\/schwarzseehuette.at\/wp-content\/uploads\/2020\/05\/IMG-20191101-WA0042-768x576.jpg 768w, http:\/\/schwarzseehuette.at\/wp-content\/uploads\/2020\/05\/IMG-20191101-WA0042-800x600.jpg 800w, http:\/\/schwarzseehuette.at\/wp-content\/uploads\/2020\/05\/IMG-20191101-WA0042-400x300.jpg 400w\" sizes=\"auto, (max-width: 1024px) 100vw, 1024px\" \/><figcaption class=\"blocks-gallery-item__caption\">Winter am Schwarzsee<\/figcaption><\/figure><\/li><li class=\"blocks-gallery-item\"><figure><img loading=\"lazy\" decoding=\"async\" width=\"300\" height=\"450\" src=\"http:\/\/schwarzseehuette.at\/wp-content\/uploads\/2020\/05\/radfahrer.jpg\" alt=\"\" data-id=\"88\" data-full-url=\"http:\/\/schwarzseehuette.at\/wp-content\/uploads\/2020\/05\/radfahrer.jpg\" data-link=\"http:\/\/schwarzseehuette.at\/?attachment_id=88\" class=\"wp-image-88\" srcset=\"http:\/\/schwarzseehuette.at\/wp-content\/uploads\/2020\/05\/radfahrer.jpg 300w, http:\/\/schwarzseehuette.at\/wp-content\/uploads\/2020\/05\/radfahrer-200x300.jpg 200w\" sizes=\"auto, (max-width: 300px) 100vw, 300px\" \/><figcaption class=\"blocks-gallery-item__caption\">Aufgeradelt<\/figcaption><\/figure><\/li><li class=\"blocks-gallery-item\"><figure><img loading=\"lazy\" decoding=\"async\" width=\"450\" height=\"600\" src=\"http:\/\/schwarzseehuette.at\/wp-content\/uploads\/2020\/05\/gipfelbuch_eintragen.jpg\" alt=\"\" data-id=\"103\" data-full-url=\"http:\/\/schwarzseehuette.at\/wp-content\/uploads\/2020\/05\/gipfelbuch_eintragen.jpg\" data-link=\"http:\/\/schwarzseehuette.at\/?attachment_id=103\" class=\"wp-image-103\" srcset=\"http:\/\/schwarzseehuette.at\/wp-content\/uploads\/2020\/05\/gipfelbuch_eintragen.jpg 450w, http:\/\/schwarzseehuette.at\/wp-content\/uploads\/2020\/05\/gipfelbuch_eintragen-225x300.jpg 225w\" sizes=\"auto, (max-width: 450px) 100vw, 450px\" \/><figcaption class=\"blocks-gallery-item__caption\">Eintrag im Gipfelbuch<\/figcaption><\/figure><\/li><li class=\"blocks-gallery-item\"><figure><img loading=\"lazy\" decoding=\"async\" width=\"1024\" height=\"768\" src=\"http:\/\/schwarzseehuette.at\/wp-content\/uploads\/2020\/05\/IMG-20191101-WA0017-1024x768.jpg\" alt=\"\" data-id=\"168\" data-full-url=\"http:\/\/schwarzseehuette.at\/wp-content\/uploads\/2020\/05\/IMG-20191101-WA0017.jpg\" data-link=\"http:\/\/schwarzseehuette.at\/?attachment_id=168\" class=\"wp-image-168\" srcset=\"http:\/\/schwarzseehuette.at\/wp-content\/uploads\/2020\/05\/IMG-20191101-WA0017-1024x768.jpg 1024w, http:\/\/schwarzseehuette.at\/wp-content\/uploads\/2020\/05\/IMG-20191101-WA0017-300x225.jpg 300w, http:\/\/schwarzseehuette.at\/wp-content\/uploads\/2020\/05\/IMG-20191101-WA0017-768x576.jpg 768w, http:\/\/schwarzseehuette.at\/wp-content\/uploads\/2020\/05\/IMG-20191101-WA0017-1536x1153.jpg 1536w, http:\/\/schwarzseehuette.at\/wp-content\/uploads\/2020\/05\/IMG-20191101-WA0017-800x600.jpg 800w, http:\/\/schwarzseehuette.at\/wp-content\/uploads\/2020\/05\/IMG-20191101-WA0017-400x300.jpg 400w, http:\/\/schwarzseehuette.at\/wp-content\/uploads\/2020\/05\/IMG-20191101-WA0017.jpg 1599w\" sizes=\"auto, (max-width: 1024px) 100vw, 1024px\" \/><figcaption class=\"blocks-gallery-item__caption\">Die letzten Schneereste<\/figcaption><\/figure><\/li><li class=\"blocks-gallery-item\"><figure><img loading=\"lazy\" decoding=\"async\" width=\"1024\" height=\"768\" src=\"http:\/\/schwarzseehuette.at\/wp-content\/uploads\/2020\/05\/IMG-20191101-WA0002-1024x768.jpg\" alt=\"\" data-id=\"165\" data-full-url=\"http:\/\/schwarzseehuette.at\/wp-content\/uploads\/2020\/05\/IMG-20191101-WA0002.jpg\" data-link=\"http:\/\/schwarzseehuette.at\/?attachment_id=165\" class=\"wp-image-165\" srcset=\"http:\/\/schwarzseehuette.at\/wp-content\/uploads\/2020\/05\/IMG-20191101-WA0002-1024x768.jpg 1024w, http:\/\/schwarzseehuette.at\/wp-content\/uploads\/2020\/05\/IMG-20191101-WA0002-300x225.jpg 300w, http:\/\/schwarzseehuette.at\/wp-content\/uploads\/2020\/05\/IMG-20191101-WA0002-768x576.jpg 768w, http:\/\/schwarzseehuette.at\/wp-content\/uploads\/2020\/05\/IMG-20191101-WA0002-1536x1153.jpg 1536w, http:\/\/schwarzseehuette.at\/wp-content\/uploads\/2020\/05\/IMG-20191101-WA0002-800x600.jpg 800w, http:\/\/schwarzseehuette.at\/wp-content\/uploads\/2020\/05\/IMG-20191101-WA0002-400x300.jpg 400w, http:\/\/schwarzseehuette.at\/wp-content\/uploads\/2020\/05\/IMG-20191101-WA0002.jpg 1599w\" sizes=\"auto, (max-width: 1024px) 100vw, 1024px\" \/><figcaption class=\"blocks-gallery-item__caption\">Is schon still uman See<\/figcaption><\/figure><\/li><li class=\"blocks-gallery-item\"><figure><img loading=\"lazy\" decoding=\"async\" width=\"800\" height=\"533\" src=\"http:\/\/schwarzseehuette.at\/wp-content\/uploads\/2020\/05\/zur_schwarzseehuette_1314618861_045_800.jpg\" alt=\"\" data-id=\"149\" data-full-url=\"http:\/\/schwarzseehuette.at\/wp-content\/uploads\/2020\/05\/zur_schwarzseehuette_1314618861_045_800.jpg\" data-link=\"http:\/\/schwarzseehuette.at\/?attachment_id=149\" class=\"wp-image-149\" srcset=\"http:\/\/schwarzseehuette.at\/wp-content\/uploads\/2020\/05\/zur_schwarzseehuette_1314618861_045_800.jpg 800w, http:\/\/schwarzseehuette.at\/wp-content\/uploads\/2020\/05\/zur_schwarzseehuette_1314618861_045_800-300x200.jpg 300w, http:\/\/schwarzseehuette.at\/wp-content\/uploads\/2020\/05\/zur_schwarzseehuette_1314618861_045_800-768x512.jpg 768w\" sizes=\"auto, (max-width: 800px) 100vw, 800px\" \/><figcaption class=\"blocks-gallery-item__caption\">Die Richtung stimmt<\/figcaption><\/figure><\/li><li class=\"blocks-gallery-item\"><figure><img loading=\"lazy\" decoding=\"async\" width=\"450\" height=\"600\" src=\"http:\/\/schwarzseehuette.at\/wp-content\/uploads\/2020\/05\/schwarzseehuette_nordseite.jpg\" alt=\"\" data-id=\"125\" data-full-url=\"http:\/\/schwarzseehuette.at\/wp-content\/uploads\/2020\/05\/schwarzseehuette_nordseite.jpg\" data-link=\"http:\/\/schwarzseehuette.at\/?attachment_id=125\" class=\"wp-image-125\" srcset=\"http:\/\/schwarzseehuette.at\/wp-content\/uploads\/2020\/05\/schwarzseehuette_nordseite.jpg 450w, http:\/\/schwarzseehuette.at\/wp-content\/uploads\/2020\/05\/schwarzseehuette_nordseite-225x300.jpg 225w\" sizes=\"auto, (max-width: 450px) 100vw, 450px\" \/><figcaption class=\"blocks-gallery-item__caption\">Schwarzseeh\u00fctte in Sicht<\/figcaption><\/figure><\/li><li class=\"blocks-gallery-item\"><figure><img loading=\"lazy\" decoding=\"async\" width=\"800\" height=\"450\" src=\"http:\/\/schwarzseehuette.at\/wp-content\/uploads\/2020\/05\/schwarzsee_rasten_aussicht.jpg\" alt=\"\" data-id=\"121\" data-full-url=\"http:\/\/schwarzseehuette.at\/wp-content\/uploads\/2020\/05\/schwarzsee_rasten_aussicht.jpg\" data-link=\"http:\/\/schwarzseehuette.at\/?attachment_id=121\" class=\"wp-image-121\" srcset=\"http:\/\/schwarzseehuette.at\/wp-content\/uploads\/2020\/05\/schwarzsee_rasten_aussicht.jpg 800w, http:\/\/schwarzseehuette.at\/wp-content\/uploads\/2020\/05\/schwarzsee_rasten_aussicht-300x169.jpg 300w, http:\/\/schwarzseehuette.at\/wp-content\/uploads\/2020\/05\/schwarzsee_rasten_aussicht-768x432.jpg 768w\" sizes=\"auto, (max-width: 800px) 100vw, 800px\" \/><figcaption class=\"blocks-gallery-item__caption\">Alt und Jung<\/figcaption><\/figure><\/li><li class=\"blocks-gallery-item\"><figure><img loading=\"lazy\" decoding=\"async\" width=\"800\" height=\"450\" src=\"http:\/\/schwarzseehuette.at\/wp-content\/uploads\/2020\/05\/schwarzseefelsen_eintragen.jpg\" alt=\"\" data-id=\"123\" data-full-url=\"http:\/\/schwarzseehuette.at\/wp-content\/uploads\/2020\/05\/schwarzseefelsen_eintragen.jpg\" data-link=\"http:\/\/schwarzseehuette.at\/?attachment_id=123\" class=\"wp-image-123\" srcset=\"http:\/\/schwarzseehuette.at\/wp-content\/uploads\/2020\/05\/schwarzseefelsen_eintragen.jpg 800w, http:\/\/schwarzseehuette.at\/wp-content\/uploads\/2020\/05\/schwarzseefelsen_eintragen-300x169.jpg 300w, http:\/\/schwarzseehuette.at\/wp-content\/uploads\/2020\/05\/schwarzseefelsen_eintragen-768x432.jpg 768w\" sizes=\"auto, (max-width: 800px) 100vw, 800px\" \/><figcaption class=\"blocks-gallery-item__caption\">Ausblicks-Stein<\/figcaption><\/figure><\/li><li class=\"blocks-gallery-item\"><figure><img loading=\"lazy\" decoding=\"async\" width=\"800\" height=\"450\" src=\"http:\/\/schwarzseehuette.at\/wp-content\/uploads\/2020\/05\/geniessen_blick_auf_jugend_am_schwarzsee.jpg\" alt=\"\" data-id=\"101\" data-full-url=\"http:\/\/schwarzseehuette.at\/wp-content\/uploads\/2020\/05\/geniessen_blick_auf_jugend_am_schwarzsee.jpg\" data-link=\"http:\/\/schwarzseehuette.at\/?attachment_id=101\" class=\"wp-image-101\" srcset=\"http:\/\/schwarzseehuette.at\/wp-content\/uploads\/2020\/05\/geniessen_blick_auf_jugend_am_schwarzsee.jpg 800w, http:\/\/schwarzseehuette.at\/wp-content\/uploads\/2020\/05\/geniessen_blick_auf_jugend_am_schwarzsee-300x169.jpg 300w, http:\/\/schwarzseehuette.at\/wp-content\/uploads\/2020\/05\/geniessen_blick_auf_jugend_am_schwarzsee-768x432.jpg 768w\" sizes=\"auto, (max-width: 800px) 100vw, 800px\" \/><figcaption class=\"blocks-gallery-item__caption\">Lurch-Erforschung<\/figcaption><\/figure><\/li><\/ul><\/figure>\n","protected":false},"excerpt":{"rendered":"<p>Viele Wege f\u00fchren zur Schwarzseeh\u00fctte Wandern am Verditz &#8211; Schwarzsee Rundwanderweg Mittelschwere Wanderung hinauf zum Schwarzsee. Diese Wanderung f\u00fchrt zum idyllisch gelegen Schwarzsee und auf einem anderen Weg wieder zur\u00fcck zum Ausgangspunkt. Schwierigkeit: mittelStrecke: 7,7 kmDauer: 2:45 hH\u00f6henmeter: 606 hm Weitere Infos&#8230; Wanderung am Verditz: Panoramawanderweg Schwarzsee &#8211; Palnock Verditz-Schwarzsee, das klimatisch bevorzugte Bergerholungsgebiet in idealer H\u00f6henlage (600 &#8211; 1900 m Seeh\u00f6he) in den K\u00e4rntner Nockbergen l\u00e4dt mit seinen vielf\u00e4ltigen Sport- und Wanderangeboten zum Entspannen und&hellip;<\/p>\n","protected":false},"author":1,"featured_media":0,"parent":0,"menu_order":0,"comment_status":"closed","ping_status":"closed","template":"","meta":{"footnotes":""},"class_list":["post-206","page","type-page","status-publish","hentry"],"_links":{"self":[{"href":"http:\/\/schwarzseehuette.at\/index.php?rest_route=\/wp\/v2\/pages\/206","targetHints":{"allow":["GET"]}}],"collection":[{"href":"http:\/\/schwarzseehuette.at\/index.php?rest_route=\/wp\/v2\/pages"}],"about":[{"href":"http:\/\/schwarzseehuette.at\/index.php?rest_route=\/wp\/v2\/types\/page"}],"author":[{"embeddable":true,"href":"http:\/\/schwarzseehuette.at\/index.php?rest_route=\/wp\/v2\/users\/1"}],"replies":[{"embeddable":true,"href":"http:\/\/schwarzseehuette.at\/index.php?rest_route=%2Fwp%2Fv2%2Fcomments&post=206"}],"version-history":[{"count":23,"href":"http:\/\/schwarzseehuette.at\/index.php?rest_route=\/wp\/v2\/pages\/206\/revisions"}],"predecessor-version":[{"id":378,"href":"http:\/\/schwarzseehuette.at\/index.php?rest_route=\/wp\/v2\/pages\/206\/revisions\/378"}],"wp:attachment":[{"href":"http:\/\/schwarzseehuette.at\/index.php?rest_route=%2Fwp%2Fv2%2Fmedia&parent=206"}],"curies":[{"name":"wp","href":"https:\/\/api.w.org\/{rel}","templated":true}]}}